{"id":17035,"date":"2021-12-16T17:40:14","date_gmt":"2021-12-16T17:40:14","guid":{"rendered":"https:\/\/genomecanada.ca\/?page_id=17035"},"modified":"2022-04-28T12:25:34","modified_gmt":"2022-04-28T12:25:34","slug":"politique-sur-la-protection-des-renseignements-personnels","status":"publish","type":"page","link":"https:\/\/genomecanada.ca\/fr\/politique-sur-la-protection-des-renseignements-personnels\/","title":{"rendered":"Politique sur la protection des renseignements personnels"},"content":{"rendered":"\t\t<div data-elementor-type=\"wp-page\" data-elementor-id=\"17035\" class=\"elementor elementor-17035 elementor-5239\" data-elementor-post-type=\"page\">\n\t\t\t\t\t\t<section class=\"has_eae_slider elementor-section elementor-top-section elementor-element elementor-element-502e7d0 elementor-section-boxed elementor-section-height-default elementor-section-height-default\" data-eae-slider=\"8687\" data-id=\"502e7d0\" data-element_type=\"section\" data-e-type=\"section\">\n\t\t\t\t\t\t<div class=\"elementor-container elementor-column-gap-no\">\n\t\t\t\t\t<div class=\"has_eae_slider elementor-column elementor-col-100 elementor-top-column elementor-element elementor-element-6752940f\" data-eae-slider=\"4684\" data-id=\"6752940f\" data-element_type=\"column\" data-e-type=\"column\">\n\t\t\t<div class=\"elementor-widget-wrap elementor-element-populated\">\n\t\t\t\t\t\t<div class=\"elementor-element elementor-element-30103f35 elementor-widget elementor-widget-heading\" data-id=\"30103f35\" data-element_type=\"widget\" data-e-type=\"widget\" data-widget_type=\"heading.default\">\n\t\t\t\t<div class=\"elementor-widget-container\">\n\t\t\t\t\t<h1 class=\"elementor-heading-title elementor-size-default\">Modalit\u00e9s et conditions<\/h1>\t\t\t\t<\/div>\n\t\t\t\t<\/div>\n\t\t\t\t\t<\/div>\n\t\t<\/div>\n\t\t\t\t\t<\/div>\n\t\t<\/section>\n\t\t\t\t<section class=\"has_eae_slider elementor-section elementor-top-section elementor-element elementor-element-7a4478d elementor-section-boxed elementor-section-height-default elementor-section-height-default\" data-eae-slider=\"14717\" data-id=\"7a4478d\" data-element_type=\"section\" data-e-type=\"section\">\n\t\t\t\t\t\t<div class=\"elementor-container elementor-column-gap-no\">\n\t\t\t\t\t<div class=\"has_eae_slider elementor-column elementor-col-100 elementor-top-column elementor-element elementor-element-69c80e6\" data-eae-slider=\"85245\" data-id=\"69c80e6\" data-element_type=\"column\" data-e-type=\"column\">\n\t\t\t<div class=\"elementor-widget-wrap elementor-element-populated\">\n\t\t\t\t\t\t<div class=\"elementor-element elementor-element-73ce96c elementor-widget elementor-widget-heading\" data-id=\"73ce96c\" data-element_type=\"widget\" data-e-type=\"widget\" data-widget_type=\"heading.default\">\n\t\t\t\t<div class=\"elementor-widget-container\">\n\t\t\t\t\t<h3 class=\"elementor-heading-title elementor-size-default\">PROTECTION DES RENSEIGNEMENTS PERSONNELS <\/h3>\t\t\t\t<\/div>\n\t\t\t\t<\/div>\n\t\t\t\t<div class=\"elementor-element elementor-element-9f8eb90 elementor-widget elementor-widget-text-editor\" data-id=\"9f8eb90\" data-element_type=\"widget\" data-e-type=\"widget\" data-widget_type=\"text-editor.default\">\n\t\t\t\t<div class=\"elementor-widget-container\">\n\t\t\t\t\t\t\t\t\t<p>G\u00e9nome Canada s\u2019engage \u00e0 prot\u00e9ger tous les renseignements personnels recueillis et utilis\u00e9s dans la gestion de ses activit\u00e9s. La Soci\u00e9t\u00e9 se conforme aux dix principes de la protection des renseignements personnels contenus dans le Code type sur la protection des renseignements personnels de l\u2019Association canadienne de normalisation. G\u00e9nome Canada se conforme \u00e9galement aux obligations pr\u00e9vues dans la Loi sur la protection des renseignements personnels et des documents \u00e9lectroniques (LPRPDE) et d\u2019autres lois applicables en la mati\u00e8re. Aux fins de la pr\u00e9sente politique, les renseignements personnels s\u2019entendent de tout renseignement sur une personne identifiable, dont toute information factuelle ou subjective sur cette personne. Sont exclus de cette d\u00e9finition le nom, l\u2019adresse, et les renseignements professionnels d\u2019un employ\u00e9 ou d\u2019un contractuel, lorsque ces renseignements servent uniquement \u00e0 communiquer avec ces personnes.<\/p>\t\t\t\t\t\t\t\t<\/div>\n\t\t\t\t<\/div>\n\t\t\t\t\t<\/div>\n\t\t<\/div>\n\t\t\t\t\t<\/div>\n\t\t<\/section>\n\t\t\t\t<section class=\"has_eae_slider elementor-section elementor-top-section elementor-element elementor-element-76dbcc8 elementor-section-boxed elementor-section-height-default elementor-section-height-default\" data-eae-slider=\"35162\" data-id=\"76dbcc8\" data-element_type=\"section\" data-e-type=\"section\">\n\t\t\t\t\t\t<div class=\"elementor-container elementor-column-gap-no\">\n\t\t\t\t\t<div class=\"has_eae_slider elementor-column elementor-col-100 elementor-top-column elementor-element elementor-element-2a41f4b\" data-eae-slider=\"17248\" data-id=\"2a41f4b\" data-element_type=\"column\" data-e-type=\"column\">\n\t\t\t<div class=\"elementor-widget-wrap elementor-element-populated\">\n\t\t\t\t\t\t<div class=\"elementor-element elementor-element-48b8f82 elementor-widget elementor-widget-heading\" data-id=\"48b8f82\" data-element_type=\"widget\" data-e-type=\"widget\" data-widget_type=\"heading.default\">\n\t\t\t\t<div class=\"elementor-widget-container\">\n\t\t\t\t\t<h2 class=\"elementor-heading-title elementor-size-default\">PRINCIPES DE PROTECTION DES RENSEIGNEMENTS PERSONNELS <\/h2>\t\t\t\t<\/div>\n\t\t\t\t<\/div>\n\t\t\t\t<div class=\"elementor-element elementor-element-4f96d27 elementor-widget elementor-widget-heading\" data-id=\"4f96d27\" data-element_type=\"widget\" data-e-type=\"widget\" data-widget_type=\"heading.default\">\n\t\t\t\t<div class=\"elementor-widget-container\">\n\t\t\t\t\t<h3 class=\"elementor-heading-title elementor-size-default\">RESPONSABILIT\u00c9 ENVERS LES RENSEIGNEMENTS PERSONNELS <\/h3>\t\t\t\t<\/div>\n\t\t\t\t<\/div>\n\t\t\t\t<div class=\"elementor-element elementor-element-c3e3f74 elementor-widget elementor-widget-text-editor\" data-id=\"c3e3f74\" data-element_type=\"widget\" data-e-type=\"widget\" data-widget_type=\"text-editor.default\">\n\t\t\t\t<div class=\"elementor-widget-container\">\n\t\t\t\t\t\t\t\t\t<p>G\u00e9nome Canada est responsable de la protection de tous les renseignements personnels confi\u00e9s \u00e0 sa garde ou \u00e0 son contr\u00f4le, y compris les renseignements personnels recueillis ou transf\u00e9r\u00e9s par un tiers en vue d\u2019un traitement au nom de la Soci\u00e9t\u00e9. G\u00e9nome Canada a nomm\u00e9 un agent de la protection de la vie priv\u00e9e et mis en \u0153uvre des politiques et des proc\u00e9dures qui garantissent que les renseignements personnels sont raisonnablement prot\u00e9g\u00e9s.<\/p>\t\t\t\t\t\t\t\t<\/div>\n\t\t\t\t<\/div>\n\t\t\t\t<div class=\"elementor-element elementor-element-2dac43e elementor-widget elementor-widget-heading\" data-id=\"2dac43e\" data-element_type=\"widget\" data-e-type=\"widget\" data-widget_type=\"heading.default\">\n\t\t\t\t<div class=\"elementor-widget-container\">\n\t\t\t\t\t<h3 class=\"elementor-heading-title elementor-size-default\">PR\u00c9CISION DES RAISONS<\/h3>\t\t\t\t<\/div>\n\t\t\t\t<\/div>\n\t\t\t\t<div class=\"elementor-element elementor-element-7217cf8 elementor-widget elementor-widget-text-editor\" data-id=\"7217cf8\" data-element_type=\"widget\" data-e-type=\"widget\" data-widget_type=\"text-editor.default\">\n\t\t\t\t<div class=\"elementor-widget-container\">\n\t\t\t\t\t\t\t\t\t<p>Avant de recueillir des renseignements personnels, G\u00e9nome Canada indiquera les raisons pour lesquelles elle recueille, utilise ou divulgue des renseignements personnels et informera l\u2019int\u00e9ress\u00e9 de ses raisons. Si G\u00e9nome Canada pr\u00e9voit utiliser ou divulguer les renseignements pour une raison qui n\u2019a pas d\u00e9j\u00e0 \u00e9t\u00e9 pr\u00e9cis\u00e9e, elle en informera l\u2019int\u00e9ress\u00e9 et lui demander un nouveau consentement.<\/p>\t\t\t\t\t\t\t\t<\/div>\n\t\t\t\t<\/div>\n\t\t\t\t<div class=\"elementor-element elementor-element-3566657 elementor-widget elementor-widget-heading\" data-id=\"3566657\" data-element_type=\"widget\" data-e-type=\"widget\" data-widget_type=\"heading.default\">\n\t\t\t\t<div class=\"elementor-widget-container\">\n\t\t\t\t\t<h3 class=\"elementor-heading-title elementor-size-default\">CONSENTEMENT <\/h3>\t\t\t\t<\/div>\n\t\t\t\t<\/div>\n\t\t\t\t<div class=\"elementor-element elementor-element-a6ee634 elementor-widget elementor-widget-text-editor\" data-id=\"a6ee634\" data-element_type=\"widget\" data-e-type=\"widget\" data-widget_type=\"text-editor.default\">\n\t\t\t\t<div class=\"elementor-widget-container\">\n\t\t\t\t\t\t\t\t\t<p>Sauf dans les cas autoris\u00e9s ou exig\u00e9s par la loi, G\u00e9nome Canada ne recueillera des renseignements personnels que si la personne le sait et y consent. G\u00e9nome Canada utilisera un formulaire de consentement (expr\u00e8s ou implicite) qui refl\u00e8te la nature de l\u2019information recueillie, compte tenu de la sensibilit\u00e9 des renseignements et des attentes de la personne. En tout temps, des personnes peuvent cesser de consentir \u00e0 ce que G\u00e9nome Canada continue d\u2019utiliser ou de divulguer des renseignements personnels les concernant, sous r\u00e9serve d\u2019un avis raisonnable, de restrictions contractuelles et \/ou des obligations juridiques et fiduciaires de G\u00e9nome Canada.<\/p>\t\t\t\t\t\t\t\t<\/div>\n\t\t\t\t<\/div>\n\t\t\t\t<div class=\"elementor-element elementor-element-f732547 elementor-widget elementor-widget-heading\" data-id=\"f732547\" data-element_type=\"widget\" data-e-type=\"widget\" data-widget_type=\"heading.default\">\n\t\t\t\t<div class=\"elementor-widget-container\">\n\t\t\t\t\t<h3 class=\"elementor-heading-title elementor-size-default\">COLLECTE LIMIT\u00c9E <\/h3>\t\t\t\t<\/div>\n\t\t\t\t<\/div>\n\t\t\t\t<div class=\"elementor-element elementor-element-b390a2e elementor-widget elementor-widget-text-editor\" data-id=\"b390a2e\" data-element_type=\"widget\" data-e-type=\"widget\" data-widget_type=\"text-editor.default\">\n\t\t\t\t<div class=\"elementor-widget-container\">\n\t\t\t\t\t\t\t\t\t<p>G\u00e9nome Canada ne recueillera que les renseignements personnels n\u00e9cessaires aux fins pr\u00e9cis\u00e9es. Tous les renseignements personnels seront recueillis par des moyens \u00e9quitables et conformes \u00e0 la loi. G\u00e9n\u00e9ralement, les renseignements personnels seront recueillis directement aupr\u00e8s de l\u2019int\u00e9ress\u00e9, mais peuvent occasionnellement \u00eatre recueillis aupr\u00e8s d&rsquo;autres sources o\u00f9 les renseignements personnels sont du domaine public, ou disponibles aupr\u00e8s d\u2019organismes publics et autres tiers qui peuvent prouver qu\u2019ils ont le droit de divulguer l\u2019information.<\/p>\t\t\t\t\t\t\t\t<\/div>\n\t\t\t\t<\/div>\n\t\t\t\t<div class=\"elementor-element elementor-element-49ac7a1 elementor-widget elementor-widget-heading\" data-id=\"49ac7a1\" data-element_type=\"widget\" data-e-type=\"widget\" data-widget_type=\"heading.default\">\n\t\t\t\t<div class=\"elementor-widget-container\">\n\t\t\t\t\t<h3 class=\"elementor-heading-title elementor-size-default\">UTILISATION LIMIT\u00c9E, DIVULGATION ET CONSERVATION <\/h3>\t\t\t\t<\/div>\n\t\t\t\t<\/div>\n\t\t\t\t<div class=\"elementor-element elementor-element-a20ab93 elementor-widget elementor-widget-text-editor\" data-id=\"a20ab93\" data-element_type=\"widget\" data-e-type=\"widget\" data-widget_type=\"text-editor.default\">\n\t\t\t\t<div class=\"elementor-widget-container\">\n\t\t\t\t\t\t\t\t\t<p>G\u00e9nome Canada n\u2019utilisera et ne divulguera les renseignements personnels qu\u2019aux fins pour lesquelles ils ont \u00e9t\u00e9 recueillis, \u00e0 moins qu\u2019une personne ait donn\u00e9 son consentement ou que l\u2019utilisation ou la divulgation ne soit autoris\u00e9e ou exig\u00e9e par la loi.<\/p><p>Les renseignements personnels ne seront conserv\u00e9s qu\u2019aussi longtemps qu\u2019ils seront n\u00e9cessaires \u00e0 la r\u00e9alisation des fins pr\u00e9cis\u00e9es.<\/p>\t\t\t\t\t\t\t\t<\/div>\n\t\t\t\t<\/div>\n\t\t\t\t<div class=\"elementor-element elementor-element-306c8be elementor-widget elementor-widget-heading\" data-id=\"306c8be\" data-element_type=\"widget\" data-e-type=\"widget\" data-widget_type=\"heading.default\">\n\t\t\t\t<div class=\"elementor-widget-container\">\n\t\t\t\t\t<h3 class=\"elementor-heading-title elementor-size-default\">EXACTITUDE <\/h3>\t\t\t\t<\/div>\n\t\t\t\t<\/div>\n\t\t\t\t<div class=\"elementor-element elementor-element-c88e6a0 elementor-widget elementor-widget-text-editor\" data-id=\"c88e6a0\" data-element_type=\"widget\" data-e-type=\"widget\" data-widget_type=\"text-editor.default\">\n\t\t\t\t<div class=\"elementor-widget-container\">\n\t\t\t\t\t\t\t\t\t<p>G\u00e9nome Canada prendra des mesures raisonnables pour s\u2019assurer que les renseignements personnels recueillis par elle ou par des tiers, sont aussi exacts, complets et \u00e0 jour que l&rsquo;exigent les fins pr\u00e9vues. G\u00e9nome Canada prendra, en particulier, toutes les mesures raisonnables pour r\u00e9duire au minimum la possibilit\u00e9 que des renseignements personnels inexacts ou peu appropri\u00e9s soient utilis\u00e9s pour prendre une d\u00e9cision concernant une personne.<\/p><p>G\u00e9nome Canada ne met pas \u00e0 jour de fa\u00e7on courante les renseignements personnels et s\u2019attend \u00e0 ce que les personnes soucieuses de l\u2019exactitude et de l\u2019int\u00e9gralit\u00e9 de leurs renseignements personnels fournissent les renseignements utiles, au besoin.<\/p>\t\t\t\t\t\t\t\t<\/div>\n\t\t\t\t<\/div>\n\t\t\t\t<div class=\"elementor-element elementor-element-ac75a29 elementor-widget elementor-widget-heading\" data-id=\"ac75a29\" data-element_type=\"widget\" data-e-type=\"widget\" data-widget_type=\"heading.default\">\n\t\t\t\t<div class=\"elementor-widget-container\">\n\t\t\t\t\t<h3 class=\"elementor-heading-title elementor-size-default\">PR\u00c9CAUTIONS DE S\u00c9CURIT\u00c9 <\/h3>\t\t\t\t<\/div>\n\t\t\t\t<\/div>\n\t\t\t\t<div class=\"elementor-element elementor-element-66370a6 elementor-widget elementor-widget-text-editor\" data-id=\"66370a6\" data-element_type=\"widget\" data-e-type=\"widget\" data-widget_type=\"text-editor.default\">\n\t\t\t\t<div class=\"elementor-widget-container\">\n\t\t\t\t\t\t\t\t\t<p>G\u00e9nome Canada prot\u00e8ge les renseignements personnels par des pr\u00e9cautions de s\u00e9curit\u00e9 qui conviennent \u00e0 la sensibilit\u00e9 des renseignements, compte tenu de la quantit\u00e9, de leur distribution, de leur pr\u00e9sentation et des usages pr\u00e9vus. Ces pr\u00e9cautions comprennent, sans toutefois s\u2019y limiter :<\/p><ul><li>des mesures mat\u00e9rielles telles que des classeurs verrouill\u00e9s et un acc\u00e8s restreint aux bureaux;<\/li><li>des mesures organisationnelles telles qu&rsquo;un acc\u00e8s limit\u00e9 selon le \u00ab besoin de savoir \u00bb, et l\u2019\u00e9ducation des employ\u00e9s sur l\u2019importance d\u2019assurer la confidentialit\u00e9 des renseignements personnels;<\/li><li>des mesures technologiques telles que l\u2019utilisation de mots de passe informatiques, la transmission et la sauvegarde s\u00e9curitaires des donn\u00e9es et des proc\u00e9dures de r\u00e9cup\u00e9ration;<\/li><li>la destruction soigneuse des renseignements personnels pour \u00e9viter l\u2019acc\u00e8s par des personnes non autoris\u00e9es.<\/li><\/ul>\t\t\t\t\t\t\t\t<\/div>\n\t\t\t\t<\/div>\n\t\t\t\t<div class=\"elementor-element elementor-element-5c559f5 elementor-widget elementor-widget-heading\" data-id=\"5c559f5\" data-element_type=\"widget\" data-e-type=\"widget\" data-widget_type=\"heading.default\">\n\t\t\t\t<div class=\"elementor-widget-container\">\n\t\t\t\t\t<h3 class=\"elementor-heading-title elementor-size-default\">TRANSPARENCE<\/h3>\t\t\t\t<\/div>\n\t\t\t\t<\/div>\n\t\t\t\t<div class=\"elementor-element elementor-element-15c0469 elementor-widget elementor-widget-text-editor\" data-id=\"15c0469\" data-element_type=\"widget\" data-e-type=\"widget\" data-widget_type=\"text-editor.default\">\n\t\t\t\t<div class=\"elementor-widget-container\">\n\t\t\t\t\t\t\t\t\t<p>G\u00e9nome Canada communiquera imm\u00e9diatement tout renseignement pr\u00e9cis sur ses politiques et proc\u00e9dures concernant la gestion des renseignements personnels. Ces renseignements comprennent :<\/p><ul><li>le titre et l\u2019adresse de l\u2019agent de la protection de la vie priv\u00e9e de G\u00e9nome Canada;<\/li><li>la d\u00e9marche \u00e0 suivre pour obtenir l\u2019acc\u00e8s \u00e0 des renseignements personnels d\u00e9tenus par G\u00e9nome Canada;<\/li><li>une description des types de renseignements personnels d\u00e9tenus, y compris un compte rendu g\u00e9n\u00e9ral de leur utilisation;<\/li><li>les renseignements personnels communiqu\u00e9s \u00e0 des organismes connexes.<\/li><\/ul>\t\t\t\t\t\t\t\t<\/div>\n\t\t\t\t<\/div>\n\t\t\t\t<div class=\"elementor-element elementor-element-734aa9f elementor-widget elementor-widget-heading\" data-id=\"734aa9f\" data-element_type=\"widget\" data-e-type=\"widget\" data-widget_type=\"heading.default\">\n\t\t\t\t<div class=\"elementor-widget-container\">\n\t\t\t\t\t<h3 class=\"elementor-heading-title elementor-size-default\">ACC\u00c8S INDIVIDUEL<\/h3>\t\t\t\t<\/div>\n\t\t\t\t<\/div>\n\t\t\t\t<div class=\"elementor-element elementor-element-e9e7c43 elementor-widget elementor-widget-text-editor\" data-id=\"e9e7c43\" data-element_type=\"widget\" data-e-type=\"widget\" data-widget_type=\"text-editor.default\">\n\t\t\t\t<div class=\"elementor-widget-container\">\n\t\t\t\t\t\t\t\t\t<p>En r\u00e9ponse \u00e0 une demande individuelle \u00e9crite \u00e0 l\u2019agent de la protection de la vie priv\u00e9e, G\u00e9nome Canada indiquera si elle poss\u00e8de des renseignements personnels concernant l&rsquo;int\u00e9ress\u00e9 et donnera acc\u00e8s \u00e0 ces renseignements.<\/p><p>En assurant l\u2019acc\u00e8s, G\u00e9nome Canada indiquera la source d\u2019information, comment les renseignements personnels sont utilis\u00e9s, et les tiers \u00e0 qui les renseignements peuvent avoir \u00e9t\u00e9 divulgu\u00e9s.<\/p><p>Dans des circonstances limit\u00e9es et pr\u00e9cises, comme la loi l\u2019autorise ou l\u2019exige, G\u00e9nome Canada peut ne pas \u00eatre en mesure de fournir une partie ou l\u2019ensemble des renseignements personnels demand\u00e9s.<\/p><p>Toute personne a le droit de contester l\u2019exactitude ou l\u2019int\u00e9gralit\u00e9 de ses renseignements personnels et de les faire modifier au besoin. Lorsqu\u2019un litige sur l\u2019exactitude ne peut \u00eatre r\u00e9solu, l\u2019int\u00e9ress\u00e9 doit pr\u00e9senter une courte d\u00e9claration qui sera jointe au dossier et transmise aux tiers \u00e0 qui les renseignements ont \u00e9t\u00e9 divulgu\u00e9s, le cas \u00e9ch\u00e9ant.<\/p><p>Toutes les demandes \u00e9crites d\u2019acc\u00e8s doivent \u00eatre adress\u00e9es :<\/p><p style=\"padding-left: 40px;\"><span style=\"font-size: 18px;\"><span style=\"text-decoration: underline;\">\u00c0 l\u2019attention de l\u2019agent de protection de la vie priv\u00e9e<\/span><\/span><u style=\"font-style: inherit; font-weight: inherit;\"><br \/><\/u><span style=\"font-size: 18px;\">G\u00e9nome Canada<br \/>150, rue Metcalfe, bureau 2100<br \/>Ottawa (Ontario) K2P 1P1<br \/>Canada <\/span><\/p>\t\t\t\t\t\t\t\t<\/div>\n\t\t\t\t<\/div>\n\t\t\t\t<div class=\"elementor-element elementor-element-59f463e elementor-widget elementor-widget-heading\" data-id=\"59f463e\" data-element_type=\"widget\" data-e-type=\"widget\" data-widget_type=\"heading.default\">\n\t\t\t\t<div class=\"elementor-widget-container\">\n\t\t\t\t\t<h3 class=\"elementor-heading-title elementor-size-default\">CONTESTATION DU RESPECT DE LA POLITIQUE<\/h3>\t\t\t\t<\/div>\n\t\t\t\t<\/div>\n\t\t\t\t<div class=\"elementor-element elementor-element-a791468 elementor-widget elementor-widget-text-editor\" data-id=\"a791468\" data-element_type=\"widget\" data-e-type=\"widget\" data-widget_type=\"text-editor.default\">\n\t\t\t\t<div class=\"elementor-widget-container\">\n\t\t\t\t\t\t\t\t\t<p>Toute question ou demande de renseignements concernant le respect de la pr\u00e9sente politique sur la protection des renseignements personnels doit \u00eatre adress\u00e9e par \u00e9crit \u00e0 l\u2019agent de la protection de la vie priv\u00e9e.<\/p>\t\t\t\t\t\t\t\t<\/div>\n\t\t\t\t<\/div>\n\t\t\t\t<div class=\"elementor-element elementor-element-7d6e1a0 elementor-widget elementor-widget-spacer\" data-id=\"7d6e1a0\" data-element_type=\"widget\" data-e-type=\"widget\" data-widget_type=\"spacer.default\">\n\t\t\t\t<div class=\"elementor-widget-container\">\n\t\t\t\t\t\t\t<div class=\"elementor-spacer\">\n\t\t\t<div class=\"elementor-spacer-inner\"><\/div>\n\t\t<\/div>\n\t\t\t\t\t\t<\/div>\n\t\t\t\t<\/div>\n\t\t\t\t\t<\/div>\n\t\t<\/div>\n\t\t\t\t\t<\/div>\n\t\t<\/section>\n\t\t\t\t<\/div>\n\t\t","protected":false},"excerpt":{"rendered":"<p>Modalit\u00e9s et conditions PROTECTION DES RENSEIGNEMENTS PERSONNELS G\u00e9nome Canada s\u2019engage \u00e0 prot\u00e9ger tous les renseignements personnels recueillis et utilis\u00e9s dans la gestion de ses activit\u00e9s. La Soci\u00e9t\u00e9 se conforme aux dix principes de la protection des renseignements personnels contenus dans le Code type sur la protection des renseignements personnels de l\u2019Association canadienne de normalisation. G\u00e9nome [&hellip;]<\/p>\n","protected":false},"author":2,"featured_media":0,"parent":0,"menu_order":0,"comment_status":"closed","ping_status":"closed","template":"","meta":{"_acf_changed":false,"site-sidebar-layout":"no-sidebar","site-content-layout":"page-builder","ast-site-content-layout":"default","site-content-style":"default","site-sidebar-style":"default","ast-global-header-display":"","ast-banner-title-visibility":"","ast-main-header-display":"","ast-hfb-above-header-display":"","ast-hfb-below-header-display":"","ast-hfb-mobile-header-display":"","site-post-title":"disabled","ast-breadcrumbs-content":"","ast-featured-img":"disabled","footer-sml-layout":"","ast-disable-related-posts":"","theme-transparent-header-meta":"default","adv-header-id-meta":"","stick-header-meta":"","header-above-stick-meta":"","header-main-stick-meta":"","header-below-stick-meta":"","astra-migrate-meta-layouts":"default","ast-page-background-enabled":"default","ast-page-background-meta":{"desktop":{"background-color":"","background-image":"","background-repeat":"repeat","background-position":"center center","background-size":"auto","background-attachment":"scroll","background-type":"","background-media":"","overlay-type":"","overlay-color":"","overlay-opacity":"","overlay-gradient":""},"tablet":{"background-color":"","background-image":"","background-repeat":"repeat","background-position":"center center","background-size":"auto","background-attachment":"scroll","background-type":"","background-media":"","overlay-type":"","overlay-color":"","overlay-opacity":"","overlay-gradient":""},"mobile":{"background-color":"","background-image":"","background-repeat":"repeat","background-position":"center center","background-size":"auto","background-attachment":"scroll","background-type":"","background-media":"","overlay-type":"","overlay-color":"","overlay-opacity":"","overlay-gradient":""}},"ast-content-background-meta":{"desktop":{"background-color":"var(--ast-global-color-5)","background-image":"","background-repeat":"repeat","background-position":"center center","background-size":"auto","background-attachment":"scroll","background-type":"","background-media":"","overlay-type":"","overlay-color":"","overlay-opacity":"","overlay-gradient":""},"tablet":{"background-color":"var(--ast-global-color-5)","background-image":"","background-repeat":"repeat","background-position":"center center","background-size":"auto","background-attachment":"scroll","background-type":"","background-media":"","overlay-type":"","overlay-color":"","overlay-opacity":"","overlay-gradient":""},"mobile":{"background-color":"var(--ast-global-color-5)","background-image":"","background-repeat":"repeat","background-position":"center center","background-size":"auto","background-attachment":"scroll","background-type":"","background-media":"","overlay-type":"","overlay-color":"","overlay-opacity":"","overlay-gradient":""}},"footnotes":""},"class_list":["post-17035","page","type-page","status-publish","hentry"],"acf":[],"yoast_head":"<!-- This site is optimized with the Yoast SEO plugin v27.5 - https:\/\/yoast.com\/product\/yoast-seo-wordpress\/ -->\n<title>Politique sur la protection des renseignements personnels - GenomeCanada<\/title>\n<meta name=\"robots\" content=\"index, follow, max-snippet:-1, max-image-preview:large, max-video-preview:-1\" \/>\n<link rel=\"canonical\" href=\"https:\/\/genomecanada.ca\/fr\/politique-sur-la-protection-des-renseignements-personnels\/\" \/>\n<meta property=\"og:locale\" content=\"fr_FR\" \/>\n<meta property=\"og:type\" content=\"article\" \/>\n<meta property=\"og:title\" content=\"Politique sur la protection des renseignements personnels - GenomeCanada\" \/>\n<meta property=\"og:description\" content=\"Modalit\u00e9s et conditions PROTECTION DES RENSEIGNEMENTS PERSONNELS G\u00e9nome Canada s\u2019engage \u00e0 prot\u00e9ger tous les renseignements personnels recueillis et utilis\u00e9s dans la gestion de ses activit\u00e9s. La Soci\u00e9t\u00e9 se conforme aux dix principes de la protection des renseignements personnels contenus dans le Code type sur la protection des renseignements personnels de l\u2019Association canadienne de normalisation. G\u00e9nome [&hellip;]\" \/>\n<meta property=\"og:url\" content=\"https:\/\/genomecanada.ca\/fr\/politique-sur-la-protection-des-renseignements-personnels\/\" \/>\n<meta property=\"og:site_name\" content=\"GenomeCanada\" \/>\n<meta property=\"article:modified_time\" content=\"2022-04-28T12:25:34+00:00\" \/>\n<meta name=\"twitter:card\" content=\"summary_large_image\" \/>\n<meta name=\"twitter:label1\" content=\"Dur\u00e9e de lecture estim\u00e9e\" \/>\n\t<meta name=\"twitter:data1\" content=\"6 minutes\" \/>\n<script type=\"application\/ld+json\" class=\"yoast-schema-graph\">{\"@context\":\"https:\\\/\\\/schema.org\",\"@graph\":[{\"@type\":\"WebPage\",\"@id\":\"https:\\\/\\\/genomecanada.ca\\\/fr\\\/politique-sur-la-protection-des-renseignements-personnels\\\/\",\"url\":\"https:\\\/\\\/genomecanada.ca\\\/fr\\\/politique-sur-la-protection-des-renseignements-personnels\\\/\",\"name\":\"Politique sur la protection des renseignements personnels - GenomeCanada\",\"isPartOf\":{\"@id\":\"https:\\\/\\\/genomecanada.ca\\\/fr\\\/#website\"},\"datePublished\":\"2021-12-16T17:40:14+00:00\",\"dateModified\":\"2022-04-28T12:25:34+00:00\",\"breadcrumb\":{\"@id\":\"https:\\\/\\\/genomecanada.ca\\\/fr\\\/politique-sur-la-protection-des-renseignements-personnels\\\/#breadcrumb\"},\"inLanguage\":\"fr-FR\",\"potentialAction\":[{\"@type\":\"ReadAction\",\"target\":[\"https:\\\/\\\/genomecanada.ca\\\/fr\\\/politique-sur-la-protection-des-renseignements-personnels\\\/\"]}]},{\"@type\":\"BreadcrumbList\",\"@id\":\"https:\\\/\\\/genomecanada.ca\\\/fr\\\/politique-sur-la-protection-des-renseignements-personnels\\\/#breadcrumb\",\"itemListElement\":[{\"@type\":\"ListItem\",\"position\":1,\"name\":\"Home\",\"item\":\"https:\\\/\\\/genomecanada.ca\\\/fr\\\/\"},{\"@type\":\"ListItem\",\"position\":2,\"name\":\"Politique sur la protection des renseignements personnels\"}]},{\"@type\":\"WebSite\",\"@id\":\"https:\\\/\\\/genomecanada.ca\\\/fr\\\/#website\",\"url\":\"https:\\\/\\\/genomecanada.ca\\\/fr\\\/\",\"name\":\"GenomeCanada\",\"description\":\"Harnessing the transformative power of genomics\",\"publisher\":{\"@id\":\"https:\\\/\\\/genomecanada.ca\\\/fr\\\/#organization\"},\"potentialAction\":[{\"@type\":\"SearchAction\",\"target\":{\"@type\":\"EntryPoint\",\"urlTemplate\":\"https:\\\/\\\/genomecanada.ca\\\/fr\\\/?s={search_term_string}\"},\"query-input\":{\"@type\":\"PropertyValueSpecification\",\"valueRequired\":true,\"valueName\":\"search_term_string\"}}],\"inLanguage\":\"fr-FR\"},{\"@type\":\"Organization\",\"@id\":\"https:\\\/\\\/genomecanada.ca\\\/fr\\\/#organization\",\"name\":\"GenomeCanada\",\"url\":\"https:\\\/\\\/genomecanada.ca\\\/fr\\\/\",\"logo\":{\"@type\":\"ImageObject\",\"inLanguage\":\"fr-FR\",\"@id\":\"https:\\\/\\\/genomecanada.ca\\\/fr\\\/#\\\/schema\\\/logo\\\/image\\\/\",\"url\":\"https:\\\/\\\/genomecanada.ca\\\/wp-content\\\/uploads\\\/2021\\\/07\\\/genome-canada_stacked.svg\",\"contentUrl\":\"https:\\\/\\\/genomecanada.ca\\\/wp-content\\\/uploads\\\/2021\\\/07\\\/genome-canada_stacked.svg\",\"width\":285,\"height\":180,\"caption\":\"GenomeCanada\"},\"image\":{\"@id\":\"https:\\\/\\\/genomecanada.ca\\\/fr\\\/#\\\/schema\\\/logo\\\/image\\\/\"}}]}<\/script>\n<!-- \/ Yoast SEO plugin. -->","yoast_head_json":{"title":"Politique sur la protection des renseignements personnels - GenomeCanada","robots":{"index":"index","follow":"follow","max-snippet":"max-snippet:-1","max-image-preview":"max-image-preview:large","max-video-preview":"max-video-preview:-1"},"canonical":"https:\/\/genomecanada.ca\/fr\/politique-sur-la-protection-des-renseignements-personnels\/","og_locale":"fr_FR","og_type":"article","og_title":"Politique sur la protection des renseignements personnels - GenomeCanada","og_description":"Modalit\u00e9s et conditions PROTECTION DES RENSEIGNEMENTS PERSONNELS G\u00e9nome Canada s\u2019engage \u00e0 prot\u00e9ger tous les renseignements personnels recueillis et utilis\u00e9s dans la gestion de ses activit\u00e9s. La Soci\u00e9t\u00e9 se conforme aux dix principes de la protection des renseignements personnels contenus dans le Code type sur la protection des renseignements personnels de l\u2019Association canadienne de normalisation. G\u00e9nome [&hellip;]","og_url":"https:\/\/genomecanada.ca\/fr\/politique-sur-la-protection-des-renseignements-personnels\/","og_site_name":"GenomeCanada","article_modified_time":"2022-04-28T12:25:34+00:00","twitter_card":"summary_large_image","twitter_misc":{"Dur\u00e9e de lecture estim\u00e9e":"6 minutes"},"schema":{"@context":"https:\/\/schema.org","@graph":[{"@type":"WebPage","@id":"https:\/\/genomecanada.ca\/fr\/politique-sur-la-protection-des-renseignements-personnels\/","url":"https:\/\/genomecanada.ca\/fr\/politique-sur-la-protection-des-renseignements-personnels\/","name":"Politique sur la protection des renseignements personnels - GenomeCanada","isPartOf":{"@id":"https:\/\/genomecanada.ca\/fr\/#website"},"datePublished":"2021-12-16T17:40:14+00:00","dateModified":"2022-04-28T12:25:34+00:00","breadcrumb":{"@id":"https:\/\/genomecanada.ca\/fr\/politique-sur-la-protection-des-renseignements-personnels\/#breadcrumb"},"inLanguage":"fr-FR","potentialAction":[{"@type":"ReadAction","target":["https:\/\/genomecanada.ca\/fr\/politique-sur-la-protection-des-renseignements-personnels\/"]}]},{"@type":"BreadcrumbList","@id":"https:\/\/genomecanada.ca\/fr\/politique-sur-la-protection-des-renseignements-personnels\/#breadcrumb","itemListElement":[{"@type":"ListItem","position":1,"name":"Home","item":"https:\/\/genomecanada.ca\/fr\/"},{"@type":"ListItem","position":2,"name":"Politique sur la protection des renseignements personnels"}]},{"@type":"WebSite","@id":"https:\/\/genomecanada.ca\/fr\/#website","url":"https:\/\/genomecanada.ca\/fr\/","name":"GenomeCanada","description":"Harnessing the transformative power of genomics","publisher":{"@id":"https:\/\/genomecanada.ca\/fr\/#organization"},"potentialAction":[{"@type":"SearchAction","target":{"@type":"EntryPoint","urlTemplate":"https:\/\/genomecanada.ca\/fr\/?s={search_term_string}"},"query-input":{"@type":"PropertyValueSpecification","valueRequired":true,"valueName":"search_term_string"}}],"inLanguage":"fr-FR"},{"@type":"Organization","@id":"https:\/\/genomecanada.ca\/fr\/#organization","name":"GenomeCanada","url":"https:\/\/genomecanada.ca\/fr\/","logo":{"@type":"ImageObject","inLanguage":"fr-FR","@id":"https:\/\/genomecanada.ca\/fr\/#\/schema\/logo\/image\/","url":"https:\/\/genomecanada.ca\/wp-content\/uploads\/2021\/07\/genome-canada_stacked.svg","contentUrl":"https:\/\/genomecanada.ca\/wp-content\/uploads\/2021\/07\/genome-canada_stacked.svg","width":285,"height":180,"caption":"GenomeCanada"},"image":{"@id":"https:\/\/genomecanada.ca\/fr\/#\/schema\/logo\/image\/"}}]}},"_links":{"self":[{"href":"https:\/\/genomecanada.ca\/fr\/wp-json\/wp\/v2\/pages\/17035","targetHints":{"allow":["GET"]}}],"collection":[{"href":"https:\/\/genomecanada.ca\/fr\/wp-json\/wp\/v2\/pages"}],"about":[{"href":"https:\/\/genomecanada.ca\/fr\/wp-json\/wp\/v2\/types\/page"}],"author":[{"embeddable":true,"href":"https:\/\/genomecanada.ca\/fr\/wp-json\/wp\/v2\/users\/2"}],"replies":[{"embeddable":true,"href":"https:\/\/genomecanada.ca\/fr\/wp-json\/wp\/v2\/comments?post=17035"}],"version-history":[{"count":0,"href":"https:\/\/genomecanada.ca\/fr\/wp-json\/wp\/v2\/pages\/17035\/revisions"}],"wp:attachment":[{"href":"https:\/\/genomecanada.ca\/fr\/wp-json\/wp\/v2\/media?parent=17035"}],"curies":[{"name":"wp","href":"https:\/\/api.w.org\/{rel}","templated":true}]}}