{"id":10546,"date":"2015-12-10T13:10:31","date_gmt":"2015-12-10T13:10:31","guid":{"rendered":"http:\/\/drupal.test\/projects\/stratification-personnalisee-des-risques-pour-la-prevention-et-le-depistage-precoce-du-cancer-du\/"},"modified":"2022-07-26T15:41:25","modified_gmt":"2022-07-26T19:41:25","slug":"stratification-personnalisee-des-risques-pour-la-prevention-et-le-depistage-precoce-du-cancer-du","status":"publish","type":"project","link":"https:\/\/genomecanada.ca\/fr\/project\/stratification-personnalisee-des-risques-pour-la-prevention-et-le-depistage-precoce-du-cancer-du\/","title":{"rendered":"Stratification personnalis\u00e9e des risques pour la pr\u00e9vention et le  d\u00e9pistage pr\u00e9coce du cancer du sein"},"content":{"rendered":"<p>La mammographie sert actuellement \u00e0 d\u00e9pister le cancer du sein chez les femmes de plus de 50 ans. M\u00eame si le d\u00e9pistage chez les femmes qui n\u2019ont pas encore atteint cet \u00e2ge pourrait \u00eatre tr\u00e8s utile du double point de vue du d\u00e9pistage pr\u00e9coce et des interventions, il n&rsquo;est pas \u00e9conomique. Il faut trouver un moyen de d\u00e9terminer les femmes le plus \u00e0 risque, d\u2019apr\u00e8s un large \u00e9ventail de facteurs.<\/p>\n<p>L&rsquo;\u00e9quipe, dirig\u00e9e par M. Jacques Simard et Mme Bartha-\u00adMaria Knoppers, \u00e9labore un programme de d\u00e9pistage pour acc\u00e9l\u00e9rer l\u2019identification, et l\u2019examen, des femmes courant un risque \u00e9lev\u00e9 de cancer du sein. Comme le d\u00e9pistage est fond\u00e9 sur l&rsquo;\u00e2ge, le cancer pourra ainsi \u00eatre d\u00e9cel\u00e9 h\u00e2tivement chez les jeunes femmes, ce qui permettra de mieux traiter ces derni\u00e8res, d&rsquo;am\u00e9liorer le pronostic et de r\u00e9duire les co\u00fbts pour le syst\u00e8me de sant\u00e9.<\/p>\n","protected":false},"excerpt":{"rendered":"<p>La mammographie sert actuellement \u00e0 d\u00e9pister le cancer du sein chez les femmes de plus de 50 ans. M\u00eame si le d\u00e9pistage chez les femmes qui n\u2019ont pas encore atteint cet \u00e2ge pourrait \u00eatre tr\u00e8s utile du double point de vue du d\u00e9pistage pr\u00e9coce et des interventions, il n&rsquo;est pas \u00e9conomique. Il faut trouver un [&hellip;]<\/p>\n","protected":false},"featured_media":0,"template":"","meta":{"_acf_changed":false,"site-sidebar-layout":"default","site-content-layout":"default","ast-site-content-layout":"default","site-content-style":"default","site-sidebar-style":"default","ast-global-header-display":"","ast-banner-title-visibility":"","ast-main-header-display":"","ast-hfb-above-header-display":"","ast-hfb-below-header-display":"","ast-hfb-mobile-header-display":"","site-post-title":"","ast-breadcrumbs-content":"","ast-featured-img":"","footer-sml-layout":"","ast-disable-related-posts":"","theme-transparent-header-meta":"default","adv-header-id-meta":"","stick-header-meta":"","header-above-stick-meta":"","header-main-stick-meta":"","header-below-stick-meta":"","astra-migrate-meta-layouts":"default","ast-page-background-enabled":"default","ast-page-background-meta":{"desktop":{"background-color":"","background-image":"","background-repeat":"repeat","background-position":"center center","background-size":"auto","background-attachment":"scroll","background-type":"","background-media":"","overlay-type":"","overlay-color":"","overlay-opacity":"","overlay-gradient":""},"tablet":{"background-color":"","background-image":"","background-repeat":"repeat","background-position":"center center","background-size":"auto","background-attachment":"scroll","background-type":"","background-media":"","overlay-type":"","overlay-color":"","overlay-opacity":"","overlay-gradient":""},"mobile":{"background-color":"","background-image":"","background-repeat":"repeat","background-position":"center center","background-size":"auto","background-attachment":"scroll","background-type":"","background-media":"","overlay-type":"","overlay-color":"","overlay-opacity":"","overlay-gradient":""}},"ast-content-background-meta":{"desktop":{"background-color":"var(--ast-global-color-5)","background-image":"","background-repeat":"repeat","background-position":"center center","background-size":"auto","background-attachment":"scroll","background-type":"","background-media":"","overlay-type":"","overlay-color":"","overlay-opacity":"","overlay-gradient":""},"tablet":{"background-color":"var(--ast-global-color-5)","background-image":"","background-repeat":"repeat","background-position":"center center","background-size":"auto","background-attachment":"scroll","background-type":"","background-media":"","overlay-type":"","overlay-color":"","overlay-opacity":"","overlay-gradient":""},"mobile":{"background-color":"var(--ast-global-color-5)","background-image":"","background-repeat":"repeat","background-position":"center center","background-size":"auto","background-attachment":"scroll","background-type":"","background-media":"","overlay-type":"","overlay-color":"","overlay-opacity":"","overlay-gradient":""}}},"project-categories":[93],"genome-competitions":[227],"project-sector":[],"genome_centres":[104],"class_list":["post-10546","project","type-project","status-publish","hentry","project-categories-large-scale-science-fr","genome-competitions-concours-2012-projets-de-recherche-appliquee-a-grande-echelle-genomique-et-sante-personnalisee","genome_centres-genome-quebec-fr"],"acf":[],"yoast_head":"<!-- This site is optimized with the Yoast SEO plugin v27.4 - https:\/\/yoast.com\/product\/yoast-seo-wordpress\/ -->\n<title>Stratification personnalis\u00e9e des risques pour la pr\u00e9vention et le d\u00e9pistage pr\u00e9coce du cancer du sein - GenomeCanada<\/title>\n<meta name=\"robots\" content=\"index, follow, max-snippet:-1, max-image-preview:large, max-video-preview:-1\" \/>\n<link rel=\"canonical\" href=\"https:\/\/genomecanada.ca\/fr\/project\/stratification-personnalisee-des-risques-pour-la-prevention-et-le-depistage-precoce-du-cancer-du\/\" \/>\n<meta property=\"og:locale\" content=\"fr_FR\" \/>\n<meta property=\"og:type\" content=\"article\" \/>\n<meta property=\"og:title\" content=\"Stratification personnalis\u00e9e des risques pour la pr\u00e9vention et le d\u00e9pistage pr\u00e9coce du cancer du sein - GenomeCanada\" \/>\n<meta property=\"og:description\" content=\"La mammographie sert actuellement \u00e0 d\u00e9pister le cancer du sein chez les femmes de plus de 50 ans. M\u00eame si le d\u00e9pistage chez les femmes qui n\u2019ont pas encore atteint cet \u00e2ge pourrait \u00eatre tr\u00e8s utile du double point de vue du d\u00e9pistage pr\u00e9coce et des interventions, il n&rsquo;est pas \u00e9conomique. Il faut trouver un [&hellip;]\" \/>\n<meta property=\"og:url\" content=\"https:\/\/genomecanada.ca\/fr\/project\/stratification-personnalisee-des-risques-pour-la-prevention-et-le-depistage-precoce-du-cancer-du\/\" \/>\n<meta property=\"og:site_name\" content=\"GenomeCanada\" \/>\n<meta property=\"article:modified_time\" content=\"2022-07-26T19:41:25+00:00\" \/>\n<meta name=\"twitter:card\" content=\"summary_large_image\" \/>\n<meta name=\"twitter:label1\" content=\"Dur\u00e9e de lecture estim\u00e9e\" \/>\n\t<meta name=\"twitter:data1\" content=\"1 minute\" \/>\n<script type=\"application\/ld+json\" class=\"yoast-schema-graph\">{\"@context\":\"https:\\\/\\\/schema.org\",\"@graph\":[{\"@type\":\"WebPage\",\"@id\":\"https:\\\/\\\/genomecanada.ca\\\/fr\\\/project\\\/stratification-personnalisee-des-risques-pour-la-prevention-et-le-depistage-precoce-du-cancer-du\\\/\",\"url\":\"https:\\\/\\\/genomecanada.ca\\\/fr\\\/project\\\/stratification-personnalisee-des-risques-pour-la-prevention-et-le-depistage-precoce-du-cancer-du\\\/\",\"name\":\"Stratification personnalis\u00e9e des risques pour la pr\u00e9vention et le d\u00e9pistage pr\u00e9coce du cancer du sein - GenomeCanada\",\"isPartOf\":{\"@id\":\"https:\\\/\\\/genomecanada.ca\\\/fr\\\/#website\"},\"datePublished\":\"2015-12-10T13:10:31+00:00\",\"dateModified\":\"2022-07-26T19:41:25+00:00\",\"breadcrumb\":{\"@id\":\"https:\\\/\\\/genomecanada.ca\\\/fr\\\/project\\\/stratification-personnalisee-des-risques-pour-la-prevention-et-le-depistage-precoce-du-cancer-du\\\/#breadcrumb\"},\"inLanguage\":\"fr-FR\",\"potentialAction\":[{\"@type\":\"ReadAction\",\"target\":[\"https:\\\/\\\/genomecanada.ca\\\/fr\\\/project\\\/stratification-personnalisee-des-risques-pour-la-prevention-et-le-depistage-precoce-du-cancer-du\\\/\"]}]},{\"@type\":\"BreadcrumbList\",\"@id\":\"https:\\\/\\\/genomecanada.ca\\\/fr\\\/project\\\/stratification-personnalisee-des-risques-pour-la-prevention-et-le-depistage-precoce-du-cancer-du\\\/#breadcrumb\",\"itemListElement\":[{\"@type\":\"ListItem\",\"position\":1,\"name\":\"Home\",\"item\":\"https:\\\/\\\/genomecanada.ca\\\/fr\\\/\"},{\"@type\":\"ListItem\",\"position\":2,\"name\":\"Stratification personnalis\u00e9e des risques pour la pr\u00e9vention et le d\u00e9pistage pr\u00e9coce du cancer du sein\"}]},{\"@type\":\"WebSite\",\"@id\":\"https:\\\/\\\/genomecanada.ca\\\/fr\\\/#website\",\"url\":\"https:\\\/\\\/genomecanada.ca\\\/fr\\\/\",\"name\":\"GenomeCanada\",\"description\":\"Harnessing the transformative power of genomics\",\"publisher\":{\"@id\":\"https:\\\/\\\/genomecanada.ca\\\/fr\\\/#organization\"},\"potentialAction\":[{\"@type\":\"SearchAction\",\"target\":{\"@type\":\"EntryPoint\",\"urlTemplate\":\"https:\\\/\\\/genomecanada.ca\\\/fr\\\/?s={search_term_string}\"},\"query-input\":{\"@type\":\"PropertyValueSpecification\",\"valueRequired\":true,\"valueName\":\"search_term_string\"}}],\"inLanguage\":\"fr-FR\"},{\"@type\":\"Organization\",\"@id\":\"https:\\\/\\\/genomecanada.ca\\\/fr\\\/#organization\",\"name\":\"GenomeCanada\",\"url\":\"https:\\\/\\\/genomecanada.ca\\\/fr\\\/\",\"logo\":{\"@type\":\"ImageObject\",\"inLanguage\":\"fr-FR\",\"@id\":\"https:\\\/\\\/genomecanada.ca\\\/fr\\\/#\\\/schema\\\/logo\\\/image\\\/\",\"url\":\"https:\\\/\\\/genomecanada.ca\\\/wp-content\\\/uploads\\\/2021\\\/07\\\/genome-canada_stacked.svg\",\"contentUrl\":\"https:\\\/\\\/genomecanada.ca\\\/wp-content\\\/uploads\\\/2021\\\/07\\\/genome-canada_stacked.svg\",\"width\":285,\"height\":180,\"caption\":\"GenomeCanada\"},\"image\":{\"@id\":\"https:\\\/\\\/genomecanada.ca\\\/fr\\\/#\\\/schema\\\/logo\\\/image\\\/\"}}]}<\/script>\n<!-- \/ Yoast SEO plugin. -->","yoast_head_json":{"title":"Stratification personnalis\u00e9e des risques pour la pr\u00e9vention et le d\u00e9pistage pr\u00e9coce du cancer du sein - GenomeCanada","robots":{"index":"index","follow":"follow","max-snippet":"max-snippet:-1","max-image-preview":"max-image-preview:large","max-video-preview":"max-video-preview:-1"},"canonical":"https:\/\/genomecanada.ca\/fr\/project\/stratification-personnalisee-des-risques-pour-la-prevention-et-le-depistage-precoce-du-cancer-du\/","og_locale":"fr_FR","og_type":"article","og_title":"Stratification personnalis\u00e9e des risques pour la pr\u00e9vention et le d\u00e9pistage pr\u00e9coce du cancer du sein - GenomeCanada","og_description":"La mammographie sert actuellement \u00e0 d\u00e9pister le cancer du sein chez les femmes de plus de 50 ans. M\u00eame si le d\u00e9pistage chez les femmes qui n\u2019ont pas encore atteint cet \u00e2ge pourrait \u00eatre tr\u00e8s utile du double point de vue du d\u00e9pistage pr\u00e9coce et des interventions, il n&rsquo;est pas \u00e9conomique. Il faut trouver un [&hellip;]","og_url":"https:\/\/genomecanada.ca\/fr\/project\/stratification-personnalisee-des-risques-pour-la-prevention-et-le-depistage-precoce-du-cancer-du\/","og_site_name":"GenomeCanada","article_modified_time":"2022-07-26T19:41:25+00:00","twitter_card":"summary_large_image","twitter_misc":{"Dur\u00e9e de lecture estim\u00e9e":"1 minute"},"schema":{"@context":"https:\/\/schema.org","@graph":[{"@type":"WebPage","@id":"https:\/\/genomecanada.ca\/fr\/project\/stratification-personnalisee-des-risques-pour-la-prevention-et-le-depistage-precoce-du-cancer-du\/","url":"https:\/\/genomecanada.ca\/fr\/project\/stratification-personnalisee-des-risques-pour-la-prevention-et-le-depistage-precoce-du-cancer-du\/","name":"Stratification personnalis\u00e9e des risques pour la pr\u00e9vention et le d\u00e9pistage pr\u00e9coce du cancer du sein - GenomeCanada","isPartOf":{"@id":"https:\/\/genomecanada.ca\/fr\/#website"},"datePublished":"2015-12-10T13:10:31+00:00","dateModified":"2022-07-26T19:41:25+00:00","breadcrumb":{"@id":"https:\/\/genomecanada.ca\/fr\/project\/stratification-personnalisee-des-risques-pour-la-prevention-et-le-depistage-precoce-du-cancer-du\/#breadcrumb"},"inLanguage":"fr-FR","potentialAction":[{"@type":"ReadAction","target":["https:\/\/genomecanada.ca\/fr\/project\/stratification-personnalisee-des-risques-pour-la-prevention-et-le-depistage-precoce-du-cancer-du\/"]}]},{"@type":"BreadcrumbList","@id":"https:\/\/genomecanada.ca\/fr\/project\/stratification-personnalisee-des-risques-pour-la-prevention-et-le-depistage-precoce-du-cancer-du\/#breadcrumb","itemListElement":[{"@type":"ListItem","position":1,"name":"Home","item":"https:\/\/genomecanada.ca\/fr\/"},{"@type":"ListItem","position":2,"name":"Stratification personnalis\u00e9e des risques pour la pr\u00e9vention et le d\u00e9pistage pr\u00e9coce du cancer du sein"}]},{"@type":"WebSite","@id":"https:\/\/genomecanada.ca\/fr\/#website","url":"https:\/\/genomecanada.ca\/fr\/","name":"GenomeCanada","description":"Harnessing the transformative power of genomics","publisher":{"@id":"https:\/\/genomecanada.ca\/fr\/#organization"},"potentialAction":[{"@type":"SearchAction","target":{"@type":"EntryPoint","urlTemplate":"https:\/\/genomecanada.ca\/fr\/?s={search_term_string}"},"query-input":{"@type":"PropertyValueSpecification","valueRequired":true,"valueName":"search_term_string"}}],"inLanguage":"fr-FR"},{"@type":"Organization","@id":"https:\/\/genomecanada.ca\/fr\/#organization","name":"GenomeCanada","url":"https:\/\/genomecanada.ca\/fr\/","logo":{"@type":"ImageObject","inLanguage":"fr-FR","@id":"https:\/\/genomecanada.ca\/fr\/#\/schema\/logo\/image\/","url":"https:\/\/genomecanada.ca\/wp-content\/uploads\/2021\/07\/genome-canada_stacked.svg","contentUrl":"https:\/\/genomecanada.ca\/wp-content\/uploads\/2021\/07\/genome-canada_stacked.svg","width":285,"height":180,"caption":"GenomeCanada"},"image":{"@id":"https:\/\/genomecanada.ca\/fr\/#\/schema\/logo\/image\/"}}]}},"_links":{"self":[{"href":"https:\/\/genomecanada.ca\/fr\/wp-json\/wp\/v2\/project\/10546","targetHints":{"allow":["GET"]}}],"collection":[{"href":"https:\/\/genomecanada.ca\/fr\/wp-json\/wp\/v2\/project"}],"about":[{"href":"https:\/\/genomecanada.ca\/fr\/wp-json\/wp\/v2\/types\/project"}],"version-history":[{"count":0,"href":"https:\/\/genomecanada.ca\/fr\/wp-json\/wp\/v2\/project\/10546\/revisions"}],"wp:attachment":[{"href":"https:\/\/genomecanada.ca\/fr\/wp-json\/wp\/v2\/media?parent=10546"}],"wp:term":[{"taxonomy":"project-categories","embeddable":true,"href":"https:\/\/genomecanada.ca\/fr\/wp-json\/wp\/v2\/project-categories?post=10546"},{"taxonomy":"genome-competitions","embeddable":true,"href":"https:\/\/genomecanada.ca\/fr\/wp-json\/wp\/v2\/genome-competitions?post=10546"},{"taxonomy":"project-sector","embeddable":true,"href":"https:\/\/genomecanada.ca\/fr\/wp-json\/wp\/v2\/project-sector?post=10546"},{"taxonomy":"genome_centres","embeddable":true,"href":"https:\/\/genomecanada.ca\/fr\/wp-json\/wp\/v2\/genome_centres?post=10546"}],"curies":[{"name":"wp","href":"https:\/\/api.w.org\/{rel}","templated":true}]}}