{"id":11031,"date":"2020-09-29T13:05:29","date_gmt":"2020-09-29T13:05:29","guid":{"rendered":"http:\/\/drupal.test\/projects\/genomique-et-soins-de-sante-de-precision-pour-la-covid-19-chez-les-enfants-une-etude-multiomique-de\/"},"modified":"2022-07-26T12:09:00","modified_gmt":"2022-07-26T16:09:00","slug":"genomique-et-soins-de-sante-de-precision-pour-la-covid-19-chez-les-enfants-une-etude-multiomique-de","status":"publish","type":"project","link":"https:\/\/genomecanada.ca\/fr\/project\/genomique-et-soins-de-sante-de-precision-pour-la-covid-19-chez-les-enfants-une-etude-multiomique-de\/","title":{"rendered":"G\u00e9nomique et soins de sant\u00e9 de pr\u00e9cision pour la COVID-19 chez les enfants : une \u00e9tude multiomique de l\u2019ABCCC [Alberta Childhood COVID-19 Cohort]"},"content":{"rendered":"<p>Les enfants pourraient bien d\u00e9tenir la cl\u00e9 pour \u00e9lucider certains des myst\u00e8res de la gravit\u00e9 asym\u00e9trique de la pand\u00e9mie du virus SRAS-CoV-2. Bien que l\u2019incidence de cas graves de COVID-19 soit plus faible chez les jeunes que chez les adultes, en apprendre davantage sur la fa\u00e7on que ce coronavirus affecte les enfants servira \u00e0 r\u00e9pondre \u00e0 des questions cl\u00e9s\u00a0: \u2022 Quel est le r\u00f4le des enfants dans la cha\u00eene de transmission de la COVID-19?\u2022 Quelle est la proportion d\u2019enfants ayant des infections asymptomatiques, et combien d\u2019entre eux sont contagieux?\u2022 Pourquoi y a-t-il si peu d\u2019enfants symptomatiques?\u2022 Existe-t-il des diff\u00e9rences biologiques dans la r\u00e9ponse des enfants \u00e0 la COVID-19 qui pourraient donner des pistes pour mieux combattre les effets observ\u00e9s chez les adultes?\u2022 Y a-t-il des diff\u00e9rences, notamment g\u00e9n\u00e9tiques, entre les enfants qui ont des infections graves et ceux dont les sympt\u00f4mes sont l\u00e9gers? De concert avec des agents de sant\u00e9 publique des Services de sant\u00e9 de l\u2019Alberta,d\u2019\u00e9minents cliniciens et d\u2019Alberta Public Laboratories, l\u2019\u00e9quipe recrutera la Alberta Childhood COVID-19 Cohort (ABCCC), compos\u00e9e enti\u00e8rement d\u2019enfants de moins de 18\u00a0ans qui subissent des tests pour le virus SRAS-CoV-2. Cette proposition repr\u00e9sente la composante de science de laboratoire de l\u2019\u00e9tude ABCCC et rassemble de grands experts de l\u2019Alberta en maladies infectieuses, en immunologie, en virologie, en g\u00e9nomique et en sant\u00e9 publique. Plus pr\u00e9cis\u00e9ment, le projet 1) \u00e9valuera le r\u00f4le de la r\u00e9ponse immunitaire des enfants, ainsi que leur constitution g\u00e9n\u00e9tique, afin de d\u00e9terminer les facteurs de risque de cas graves et de d\u00e9couvrir des traitements cibl\u00e9s, et 2) \u00e9tudiera l\u2019\u00e9pid\u00e9miologie des infections p\u00e9diatriques \u00e0 la COVID-19 en lisant le g\u00e9nome viral pour d\u00e9terminer l\u2019origine et les modes de transmission des infections p\u00e9diatriques \u00e0 la COVID-19 en Alberta. Nous utiliserons des m\u00e9thodes sophistiqu\u00e9es de sciences des donn\u00e9es et d\u2019intelligence artificielle pour \u00e9laborer des mod\u00e8les de pr\u00e9vision des risques \u00e0 la COVID-19 ainsi que des outils de prise de d\u00e9cisions th\u00e9rapeutiques pr\u00e9cis et fond\u00e9s sur des donn\u00e9es. Notre objectif est de contribuer \u00e0 l\u2019appel de recherche sur la pand\u00e9mie mondiale en 1) d\u00e9veloppant de nouveaux tests pratiques pour la pr\u00e9diction des risques et des strat\u00e9gies th\u00e9rapeutiques cibl\u00e9es, 2) \u00e9laborant des ressources d\u2019information clinique, des donn\u00e9es biologiques et des \u00e9chantillons qui permettront des recherches futures, et 3) produisant des donn\u00e9es sur les modes de transmission en Alberta et l\u2019impact des politiques de suppression.<\/p>\n","protected":false},"excerpt":{"rendered":"<p>Les enfants pourraient bien d\u00e9tenir la cl\u00e9 pour \u00e9lucider certains des myst\u00e8res de la gravit\u00e9 asym\u00e9trique de la pand\u00e9mie du virus SRAS-CoV-2. Bien que l\u2019incidence de cas graves de COVID-19 soit plus faible chez les jeunes que chez les adultes, en apprendre davantage sur la fa\u00e7on que ce coronavirus affecte les enfants servira \u00e0 r\u00e9pondre [&hellip;]<\/p>\n","protected":false},"featured_media":0,"template":"","meta":{"_acf_changed":false,"site-sidebar-layout":"default","site-content-layout":"default","ast-site-content-layout":"default","site-content-style":"default","site-sidebar-style":"default","ast-global-header-display":"","ast-banner-title-visibility":"","ast-main-header-display":"","ast-hfb-above-header-display":"","ast-hfb-below-header-display":"","ast-hfb-mobile-header-display":"","site-post-title":"","ast-breadcrumbs-content":"","ast-featured-img":"","footer-sml-layout":"","ast-disable-related-posts":"","theme-transparent-header-meta":"default","adv-header-id-meta":"","stick-header-meta":"","header-above-stick-meta":"","header-main-stick-meta":"","header-below-stick-meta":"","astra-migrate-meta-layouts":"default","ast-page-background-enabled":"default","ast-page-background-meta":{"desktop":{"background-color":"","background-image":"","background-repeat":"repeat","background-position":"center center","background-size":"auto","background-attachment":"scroll","background-type":"","background-media":"","overlay-type":"","overlay-color":"","overlay-opacity":"","overlay-gradient":""},"tablet":{"background-color":"","background-image":"","background-repeat":"repeat","background-position":"center center","background-size":"auto","background-attachment":"scroll","background-type":"","background-media":"","overlay-type":"","overlay-color":"","overlay-opacity":"","overlay-gradient":""},"mobile":{"background-color":"","background-image":"","background-repeat":"repeat","background-position":"center center","background-size":"auto","background-attachment":"scroll","background-type":"","background-media":"","overlay-type":"","overlay-color":"","overlay-opacity":"","overlay-gradient":""}},"ast-content-background-meta":{"desktop":{"background-color":"var(--ast-global-color-5)","background-image":"","background-repeat":"repeat","background-position":"center center","background-size":"auto","background-attachment":"scroll","background-type":"","background-media":"","overlay-type":"","overlay-color":"","overlay-opacity":"","overlay-gradient":""},"tablet":{"background-color":"var(--ast-global-color-5)","background-image":"","background-repeat":"repeat","background-position":"center center","background-size":"auto","background-attachment":"scroll","background-type":"","background-media":"","overlay-type":"","overlay-color":"","overlay-opacity":"","overlay-gradient":""},"mobile":{"background-color":"var(--ast-global-color-5)","background-image":"","background-repeat":"repeat","background-position":"center center","background-size":"auto","background-attachment":"scroll","background-type":"","background-media":"","overlay-type":"","overlay-color":"","overlay-opacity":"","overlay-gradient":""}}},"project-categories":[],"genome-competitions":[219],"project-sector":[],"genome_centres":[106],"class_list":["post-11031","project","type-project","status-publish","hentry","genome-competitions-initiative-regionale-genomique-sur-la-covid-19","genome_centres-genome-alberta-fr"],"acf":[],"yoast_head":"<!-- This site is optimized with the Yoast SEO plugin v27.4 - https:\/\/yoast.com\/product\/yoast-seo-wordpress\/ -->\n<title>G\u00e9nomique et soins de sant\u00e9 de pr\u00e9cision pour la COVID-19 chez les enfants : une \u00e9tude multiomique de l\u2019ABCCC [Alberta Childhood COVID-19 Cohort] - GenomeCanada<\/title>\n<meta name=\"robots\" content=\"index, follow, max-snippet:-1, max-image-preview:large, max-video-preview:-1\" \/>\n<link rel=\"canonical\" href=\"https:\/\/genomecanada.ca\/fr\/project\/genomique-et-soins-de-sante-de-precision-pour-la-covid-19-chez-les-enfants-une-etude-multiomique-de\/\" \/>\n<meta property=\"og:locale\" content=\"fr_FR\" \/>\n<meta property=\"og:type\" content=\"article\" \/>\n<meta property=\"og:title\" content=\"G\u00e9nomique et soins de sant\u00e9 de pr\u00e9cision pour la COVID-19 chez les enfants : une \u00e9tude multiomique de l\u2019ABCCC [Alberta Childhood COVID-19 Cohort] - GenomeCanada\" \/>\n<meta property=\"og:description\" content=\"Les enfants pourraient bien d\u00e9tenir la cl\u00e9 pour \u00e9lucider certains des myst\u00e8res de la gravit\u00e9 asym\u00e9trique de la pand\u00e9mie du virus SRAS-CoV-2. Bien que l\u2019incidence de cas graves de COVID-19 soit plus faible chez les jeunes que chez les adultes, en apprendre davantage sur la fa\u00e7on que ce coronavirus affecte les enfants servira \u00e0 r\u00e9pondre [&hellip;]\" \/>\n<meta property=\"og:url\" content=\"https:\/\/genomecanada.ca\/fr\/project\/genomique-et-soins-de-sante-de-precision-pour-la-covid-19-chez-les-enfants-une-etude-multiomique-de\/\" \/>\n<meta property=\"og:site_name\" content=\"GenomeCanada\" \/>\n<meta property=\"article:modified_time\" content=\"2022-07-26T16:09:00+00:00\" \/>\n<meta name=\"twitter:card\" content=\"summary_large_image\" \/>\n<meta name=\"twitter:label1\" content=\"Dur\u00e9e de lecture estim\u00e9e\" \/>\n\t<meta name=\"twitter:data1\" content=\"2 minutes\" \/>\n<script type=\"application\/ld+json\" class=\"yoast-schema-graph\">{\"@context\":\"https:\\\/\\\/schema.org\",\"@graph\":[{\"@type\":\"WebPage\",\"@id\":\"https:\\\/\\\/genomecanada.ca\\\/fr\\\/project\\\/genomique-et-soins-de-sante-de-precision-pour-la-covid-19-chez-les-enfants-une-etude-multiomique-de\\\/\",\"url\":\"https:\\\/\\\/genomecanada.ca\\\/fr\\\/project\\\/genomique-et-soins-de-sante-de-precision-pour-la-covid-19-chez-les-enfants-une-etude-multiomique-de\\\/\",\"name\":\"G\u00e9nomique et soins de sant\u00e9 de pr\u00e9cision pour la COVID-19 chez les enfants : une \u00e9tude multiomique de l\u2019ABCCC [Alberta Childhood COVID-19 Cohort] - GenomeCanada\",\"isPartOf\":{\"@id\":\"https:\\\/\\\/genomecanada.ca\\\/fr\\\/#website\"},\"datePublished\":\"2020-09-29T13:05:29+00:00\",\"dateModified\":\"2022-07-26T16:09:00+00:00\",\"breadcrumb\":{\"@id\":\"https:\\\/\\\/genomecanada.ca\\\/fr\\\/project\\\/genomique-et-soins-de-sante-de-precision-pour-la-covid-19-chez-les-enfants-une-etude-multiomique-de\\\/#breadcrumb\"},\"inLanguage\":\"fr-FR\",\"potentialAction\":[{\"@type\":\"ReadAction\",\"target\":[\"https:\\\/\\\/genomecanada.ca\\\/fr\\\/project\\\/genomique-et-soins-de-sante-de-precision-pour-la-covid-19-chez-les-enfants-une-etude-multiomique-de\\\/\"]}]},{\"@type\":\"BreadcrumbList\",\"@id\":\"https:\\\/\\\/genomecanada.ca\\\/fr\\\/project\\\/genomique-et-soins-de-sante-de-precision-pour-la-covid-19-chez-les-enfants-une-etude-multiomique-de\\\/#breadcrumb\",\"itemListElement\":[{\"@type\":\"ListItem\",\"position\":1,\"name\":\"Home\",\"item\":\"https:\\\/\\\/genomecanada.ca\\\/fr\\\/\"},{\"@type\":\"ListItem\",\"position\":2,\"name\":\"G\u00e9nomique et soins de sant\u00e9 de pr\u00e9cision pour la COVID-19 chez les enfants : une \u00e9tude multiomique de l\u2019ABCCC [Alberta Childhood COVID-19 Cohort]\"}]},{\"@type\":\"WebSite\",\"@id\":\"https:\\\/\\\/genomecanada.ca\\\/fr\\\/#website\",\"url\":\"https:\\\/\\\/genomecanada.ca\\\/fr\\\/\",\"name\":\"GenomeCanada\",\"description\":\"Harnessing the transformative power of genomics\",\"publisher\":{\"@id\":\"https:\\\/\\\/genomecanada.ca\\\/fr\\\/#organization\"},\"potentialAction\":[{\"@type\":\"SearchAction\",\"target\":{\"@type\":\"EntryPoint\",\"urlTemplate\":\"https:\\\/\\\/genomecanada.ca\\\/fr\\\/?s={search_term_string}\"},\"query-input\":{\"@type\":\"PropertyValueSpecification\",\"valueRequired\":true,\"valueName\":\"search_term_string\"}}],\"inLanguage\":\"fr-FR\"},{\"@type\":\"Organization\",\"@id\":\"https:\\\/\\\/genomecanada.ca\\\/fr\\\/#organization\",\"name\":\"GenomeCanada\",\"url\":\"https:\\\/\\\/genomecanada.ca\\\/fr\\\/\",\"logo\":{\"@type\":\"ImageObject\",\"inLanguage\":\"fr-FR\",\"@id\":\"https:\\\/\\\/genomecanada.ca\\\/fr\\\/#\\\/schema\\\/logo\\\/image\\\/\",\"url\":\"https:\\\/\\\/genomecanada.ca\\\/wp-content\\\/uploads\\\/2021\\\/07\\\/genome-canada_stacked.svg\",\"contentUrl\":\"https:\\\/\\\/genomecanada.ca\\\/wp-content\\\/uploads\\\/2021\\\/07\\\/genome-canada_stacked.svg\",\"width\":285,\"height\":180,\"caption\":\"GenomeCanada\"},\"image\":{\"@id\":\"https:\\\/\\\/genomecanada.ca\\\/fr\\\/#\\\/schema\\\/logo\\\/image\\\/\"}}]}<\/script>\n<!-- \/ Yoast SEO plugin. -->","yoast_head_json":{"title":"G\u00e9nomique et soins de sant\u00e9 de pr\u00e9cision pour la COVID-19 chez les enfants : une \u00e9tude multiomique de l\u2019ABCCC [Alberta Childhood COVID-19 Cohort] - GenomeCanada","robots":{"index":"index","follow":"follow","max-snippet":"max-snippet:-1","max-image-preview":"max-image-preview:large","max-video-preview":"max-video-preview:-1"},"canonical":"https:\/\/genomecanada.ca\/fr\/project\/genomique-et-soins-de-sante-de-precision-pour-la-covid-19-chez-les-enfants-une-etude-multiomique-de\/","og_locale":"fr_FR","og_type":"article","og_title":"G\u00e9nomique et soins de sant\u00e9 de pr\u00e9cision pour la COVID-19 chez les enfants : une \u00e9tude multiomique de l\u2019ABCCC [Alberta Childhood COVID-19 Cohort] - GenomeCanada","og_description":"Les enfants pourraient bien d\u00e9tenir la cl\u00e9 pour \u00e9lucider certains des myst\u00e8res de la gravit\u00e9 asym\u00e9trique de la pand\u00e9mie du virus SRAS-CoV-2. Bien que l\u2019incidence de cas graves de COVID-19 soit plus faible chez les jeunes que chez les adultes, en apprendre davantage sur la fa\u00e7on que ce coronavirus affecte les enfants servira \u00e0 r\u00e9pondre [&hellip;]","og_url":"https:\/\/genomecanada.ca\/fr\/project\/genomique-et-soins-de-sante-de-precision-pour-la-covid-19-chez-les-enfants-une-etude-multiomique-de\/","og_site_name":"GenomeCanada","article_modified_time":"2022-07-26T16:09:00+00:00","twitter_card":"summary_large_image","twitter_misc":{"Dur\u00e9e de lecture estim\u00e9e":"2 minutes"},"schema":{"@context":"https:\/\/schema.org","@graph":[{"@type":"WebPage","@id":"https:\/\/genomecanada.ca\/fr\/project\/genomique-et-soins-de-sante-de-precision-pour-la-covid-19-chez-les-enfants-une-etude-multiomique-de\/","url":"https:\/\/genomecanada.ca\/fr\/project\/genomique-et-soins-de-sante-de-precision-pour-la-covid-19-chez-les-enfants-une-etude-multiomique-de\/","name":"G\u00e9nomique et soins de sant\u00e9 de pr\u00e9cision pour la COVID-19 chez les enfants : une \u00e9tude multiomique de l\u2019ABCCC [Alberta Childhood COVID-19 Cohort] - GenomeCanada","isPartOf":{"@id":"https:\/\/genomecanada.ca\/fr\/#website"},"datePublished":"2020-09-29T13:05:29+00:00","dateModified":"2022-07-26T16:09:00+00:00","breadcrumb":{"@id":"https:\/\/genomecanada.ca\/fr\/project\/genomique-et-soins-de-sante-de-precision-pour-la-covid-19-chez-les-enfants-une-etude-multiomique-de\/#breadcrumb"},"inLanguage":"fr-FR","potentialAction":[{"@type":"ReadAction","target":["https:\/\/genomecanada.ca\/fr\/project\/genomique-et-soins-de-sante-de-precision-pour-la-covid-19-chez-les-enfants-une-etude-multiomique-de\/"]}]},{"@type":"BreadcrumbList","@id":"https:\/\/genomecanada.ca\/fr\/project\/genomique-et-soins-de-sante-de-precision-pour-la-covid-19-chez-les-enfants-une-etude-multiomique-de\/#breadcrumb","itemListElement":[{"@type":"ListItem","position":1,"name":"Home","item":"https:\/\/genomecanada.ca\/fr\/"},{"@type":"ListItem","position":2,"name":"G\u00e9nomique et soins de sant\u00e9 de pr\u00e9cision pour la COVID-19 chez les enfants : une \u00e9tude multiomique de l\u2019ABCCC [Alberta Childhood COVID-19 Cohort]"}]},{"@type":"WebSite","@id":"https:\/\/genomecanada.ca\/fr\/#website","url":"https:\/\/genomecanada.ca\/fr\/","name":"GenomeCanada","description":"Harnessing the transformative power of genomics","publisher":{"@id":"https:\/\/genomecanada.ca\/fr\/#organization"},"potentialAction":[{"@type":"SearchAction","target":{"@type":"EntryPoint","urlTemplate":"https:\/\/genomecanada.ca\/fr\/?s={search_term_string}"},"query-input":{"@type":"PropertyValueSpecification","valueRequired":true,"valueName":"search_term_string"}}],"inLanguage":"fr-FR"},{"@type":"Organization","@id":"https:\/\/genomecanada.ca\/fr\/#organization","name":"GenomeCanada","url":"https:\/\/genomecanada.ca\/fr\/","logo":{"@type":"ImageObject","inLanguage":"fr-FR","@id":"https:\/\/genomecanada.ca\/fr\/#\/schema\/logo\/image\/","url":"https:\/\/genomecanada.ca\/wp-content\/uploads\/2021\/07\/genome-canada_stacked.svg","contentUrl":"https:\/\/genomecanada.ca\/wp-content\/uploads\/2021\/07\/genome-canada_stacked.svg","width":285,"height":180,"caption":"GenomeCanada"},"image":{"@id":"https:\/\/genomecanada.ca\/fr\/#\/schema\/logo\/image\/"}}]}},"_links":{"self":[{"href":"https:\/\/genomecanada.ca\/fr\/wp-json\/wp\/v2\/project\/11031","targetHints":{"allow":["GET"]}}],"collection":[{"href":"https:\/\/genomecanada.ca\/fr\/wp-json\/wp\/v2\/project"}],"about":[{"href":"https:\/\/genomecanada.ca\/fr\/wp-json\/wp\/v2\/types\/project"}],"version-history":[{"count":0,"href":"https:\/\/genomecanada.ca\/fr\/wp-json\/wp\/v2\/project\/11031\/revisions"}],"wp:attachment":[{"href":"https:\/\/genomecanada.ca\/fr\/wp-json\/wp\/v2\/media?parent=11031"}],"wp:term":[{"taxonomy":"project-categories","embeddable":true,"href":"https:\/\/genomecanada.ca\/fr\/wp-json\/wp\/v2\/project-categories?post=11031"},{"taxonomy":"genome-competitions","embeddable":true,"href":"https:\/\/genomecanada.ca\/fr\/wp-json\/wp\/v2\/genome-competitions?post=11031"},{"taxonomy":"project-sector","embeddable":true,"href":"https:\/\/genomecanada.ca\/fr\/wp-json\/wp\/v2\/project-sector?post=11031"},{"taxonomy":"genome_centres","embeddable":true,"href":"https:\/\/genomecanada.ca\/fr\/wp-json\/wp\/v2\/genome_centres?post=11031"}],"curies":[{"name":"wp","href":"https:\/\/api.w.org\/{rel}","templated":true}]}}